{"id":3553,"date":"2021-02-08T15:16:13","date_gmt":"2021-02-08T14:16:13","guid":{"rendered":"https:\/\/www.babyconcept.lu\/?page_id=3553"},"modified":"2023-04-19T16:31:46","modified_gmt":"2023-04-19T14:31:46","slug":"baby-concept-3-pommerloch","status":"publish","type":"page","link":"https:\/\/www.babyconcept.lu\/de\/baby-concept-3-pommerloch\/","title":{"rendered":"Baby concept 3 \u2013 Pommerloch"},"content":{"rendered":"<p>[vc_row full_width=&#8220;stretch_row&#8220; disable_element=&#8220;yes&#8220; css=&#8220;.vc_custom_1594130801623{padding-top: 45px !important;background-position: center !important;background-repeat: no-repeat !important;background-size: cover !important;}&#8220; bd_p_speed=&#8220;0.001&#8243; row_head_color=&#8220;#575656&#8243; row_link_color=&#8220;#575656&#8243; row_link_color_hover=&#8220;#6f4792&#8243; overlay_color=&#8220;#3bbcd6&#8243; overlay_opacity=&#8220;0.9&#8243; arrow_position=&#8220;top&#8220;][vc_column][cms_carousel xsmall_items=&#8220;1&#8243; small_items=&#8220;2&#8243; medium_items=&#8220;3&#8243; large_items=&#8220;4&#8243; margin=&#8220;30&#8243; nav=&#8220;false&#8220; dots=&#8220;false&#8220; autoplay=&#8220;false&#8220; source=&#8220;size:4|order_by:date|post_type:team&#8220; left_arrow=&#8220;fa fa-angle-left&#8220; right_arrow=&#8220;fa fa-angle-right&#8220; cms_template=&#8220;cms_carousel&#8211;layout-team-1.php&#8220;][\/vc_column][\/vc_row][vc_row full_width=&#8220;stretch_row&#8220; disable_element=&#8220;yes&#8220; row_head_color=&#8220;#575656&#8243; row_link_color=&#8220;#575656&#8243; row_link_color_hover=&#8220;#6f4792&#8243; arrow_position=&#8220;top&#8220; css=&#8220;.vc_custom_1594130806511{padding-top: 45px !important;background-color: #f5f5f5 !important;background-position: center !important;background-repeat: no-repeat !important;background-size: cover !important;}&#8220; bd_p_speed=&#8220;0.001&#8243; overlay_color=&#8220;#3bbcd6&#8243; overlay_opacity=&#8220;0.9&#8243;][vc_column font_size_col=&#8220;&#8220; font_line_height=&#8220;&#8220; font_weight_col=&#8220;&#8220; column_responsive_large=&#8220;&#8220; column_responsive_medium=&#8220;&#8220; column_responsive_small=&#8220;&#8220; column_responsive_extra_small=&#8220;&#8220; animation=&#8220;&#8220; text_align=&#8220;&#8220; column_style=&#8220;&#8220; list_style=&#8220;&#8220; cms_title_size=&#8220;h2&#8243;][vc_empty_space height=&#8220;40px&#8220;][cms_carousel xsmall_items=&#8220;1&#8243; small_items=&#8220;2&#8243; medium_items=&#8220;3&#8243; large_items=&#8220;3&#8243; margin=&#8220;30&#8243; dots=&#8220;false&#8220; autoplay=&#8220;false&#8220; source=&#8220;size:4|order_by:date|post_type:team&#8220; left_arrow=&#8220;fa fa-angle-left&#8220; right_arrow=&#8220;fa fa-angle-right&#8220; cms_template=&#8220;cms_carousel&#8211;layout-team-1.php&#8220;][vc_empty_space height=&#8220;30px&#8220;][\/vc_column][\/vc_row][vc_row css=&#8220;.vc_custom_1612795041807{margin-bottom: 50px !important;}&#8220;][vc_column][vc_single_image image=&#8220;4104&#8243; img_size=&#8220;full&#8220; alignment=&#8220;center&#8220; css=&#8220;.vc_custom_1681828723884{margin-bottom: 50px !important;}&#8220;][\/vc_column][\/vc_row][vc_row equal_height=&#8220;yes&#8220; content_placement=&#8220;middle&#8220; css=&#8220;.vc_custom_1594131149806{margin-bottom: 40px !important;}&#8220;][vc_column width=&#8220;1\/2&#8243;][vc_column_text]<\/p>\n<h2>Seit 2021 ge\u00f6ffnet<\/h2>\n<p>Die Kita ist in 2 Gruppen unterteilt:<\/p>\n<ul>\n<li>Kleinkinder von 3 Monaten 2 Jahren<\/li>\n<li>Vorschulkinder von 2 bis 4 Jahren<\/li>\n<\/ul>\n<p>Ge\u00f6ffnet von Montag bis Freitag von 6:45 bis 19:15 Uhr<\/p>\n<p>Sie wurde von BOON Val\u00e9rie, Diplom-Fachp\u00e4dagogin, und ihrem Ehemann LASSENCE Benoit, Verwaltungsdirektor, gegr\u00fcndet.<\/p>\n<p>&nbsp;<\/p>\n<p>Unter der p\u00e4dagogischen Leitung von Vanessa Antoine[\/vc_column_text][vc_empty_space height=&#8220;15px&#8220;][vc_single_image image=&#8220;3457&#8243; img_size=&#8220;medium&#8220; alignment=&#8220;center&#8220; onclick=&#8220;custom_link&#8220; img_link_target=&#8220;_blank&#8220; css=&#8220;.vc_custom_1627372521494{background-color: #6e4692 !important;}&#8220; el_id=&#8220;facebook_pommerloch&#8220; link=&#8220;https:\/\/www.facebook.com\/Babyconcept3&#8243;][\/vc_column][vc_column width=&#8220;1\/2&#8243;][vc_single_image image=&#8220;3618&#8243; img_size=&#8220;full&#8220; onclick=&#8220;custom_link&#8220; img_link_target=&#8220;_blank&#8220; link=&#8220;https:\/\/www.google.com\/maps\/place\/9+Am+Lach,+9638+Winseler\/@49.961459,5.859206,4261m\/data=!3m1!1e3!4m5!3m4!1s0x47c004afa290b071:0x77099158bb2fe77a!8m2!3d49.9614594!4d5.8592061?hl=fr&#8220;][\/vc_column][vc_column css=&#8220;.vc_custom_1629466259561{margin-top: 20px !important;margin-bottom: 10px !important;}&#8220;][vc_column_text]<\/p>\n<div id=\"sa_slider_shortcode\"><div class='white' style='background:rgba(0,0,0,0); border:solid 0px rgb(238, 238, 238); border-radius:5px; padding:8px 8px 8px 8px;'>\n<div id='slider_4101' class='owl-carousel sa_owl_theme autohide-arrows' data-slider-id='slider_4101' style='visibility:hidden;'>\n<div id='slider_4101_slide01' class='sa_hover_container' style='padding:5% 5%; margin:0px 0%; '><a href=\"https:\/\/www.babyconcept.lu\/wp-content\/uploads\/2023\/04\/baby_concept_2023_Pommerloch-2_6.jpg\"><img class=\"aligncenter size-medium wp-image-4088\" src=\"https:\/\/www.babyconcept.lu\/wp-content\/uploads\/2023\/04\/baby_concept_2023_Pommerloch-2_6-300x240.jpg\" alt=\"\" width=\"300\" height=\"240\" \/><\/a><\/div>\n<div id='slider_4101_slide06' class='sa_hover_container' style='padding:5% 5%; margin:0px 0%; '><a href=\"https:\/\/www.babyconcept.lu\/wp-content\/uploads\/2023\/04\/baby_concept_2023_Pommerloch-2_1.jpg\"><img src=\"https:\/\/www.babyconcept.lu\/wp-content\/uploads\/2023\/04\/baby_concept_2023_Pommerloch-2_1-300x240.jpg\" alt=\"\" width=\"300\" height=\"240\" class=\"aligncenter size-medium wp-image-4098\" \/><\/a><\/div>\n<div id='slider_4101_slide03' class='sa_hover_container' style='padding:5% 5%; margin:0px 0%; '><a href=\"https:\/\/www.babyconcept.lu\/wp-content\/uploads\/2023\/04\/baby_concept_2023_Pommerloch-2_4.jpg\"><img class=\"aligncenter size-medium wp-image-4092\" src=\"https:\/\/www.babyconcept.lu\/wp-content\/uploads\/2023\/04\/baby_concept_2023_Pommerloch-2_4-300x240.jpg\" alt=\"\" width=\"300\" height=\"240\" \/><\/a><\/div>\n<div id='slider_4101_slide02' class='sa_hover_container' style='padding:5% 5%; margin:0px 0%; '><a href=\"https:\/\/www.babyconcept.lu\/wp-content\/uploads\/2023\/04\/baby_concept_2023_Pommerloch-2_5.jpg\"><img class=\"aligncenter size-medium wp-image-4090\" src=\"https:\/\/www.babyconcept.lu\/wp-content\/uploads\/2023\/04\/baby_concept_2023_Pommerloch-2_5-300x240.jpg\" alt=\"\" width=\"300\" height=\"240\" \/><\/a><\/div>\n<div id='slider_4101_slide05' class='sa_hover_container' style='padding:5% 5%; margin:0px 0%; '><a href=\"https:\/\/www.babyconcept.lu\/wp-content\/uploads\/2023\/04\/baby_concept_2023_Pommerloch-2_2.jpg\"><img src=\"https:\/\/www.babyconcept.lu\/wp-content\/uploads\/2023\/04\/baby_concept_2023_Pommerloch-2_2-300x240.jpg\" alt=\"\" width=\"300\" height=\"240\" class=\"aligncenter size-medium wp-image-4096\" \/><\/a><\/div>\n<div id='slider_4101_slide04' class='sa_hover_container' style='padding:5% 5%; margin:0px 0%; '><a href=\"https:\/\/www.babyconcept.lu\/wp-content\/uploads\/2023\/04\/baby_concept_2023_Pommerloch-2_3.jpg\"><img src=\"https:\/\/www.babyconcept.lu\/wp-content\/uploads\/2023\/04\/baby_concept_2023_Pommerloch-2_3-300x240.jpg\" alt=\"\" width=\"300\" height=\"240\" class=\"aligncenter size-medium wp-image-4094\" \/><\/a><\/div>\n<\/div>\n<\/div>\n<script type='text\/javascript'>\n\tjQuery(document).ready(function() {\n\t\tjQuery('#slider_4101').owlCarousel({\n\t\t\tresponsive:{\n\t\t\t\t0:{ items:1 },\n\t\t\t\t480:{ items:2 },\n\t\t\t\t768:{ items:3 },\n\t\t\t\t980:{ items:4 },\n\t\t\t\t1200:{ items:4 },\n\t\t\t\t1500:{ items:4 }\n\t\t\t},\n\t\t\tautoplay : true,\n\t\t\tautoplayTimeout : 5000,\n\t\t\tautoplayHoverPause : true,\n\t\t\tsmartSpeed : 200,\n\t\t\tfluidSpeed : 200,\n\t\t\tautoplaySpeed : 200,\n\t\t\tnavSpeed : 200,\n\t\t\tdotsSpeed : 200,\n\t\t\tloop : true,\n\t\t\tnav : true,\n\t\t\tnavText : ['Previous','Next'],\n\t\t\tdots : false,\n\t\t\tresponsiveRefreshRate : 200,\n\t\t\tslideBy : 1,\n\t\t\tmergeFit : true,\n\t\t\tautoHeight : false,\n\t\t\tmouseDrag : false,\n\t\t\ttouchDrag : true\n\t\t});\n\t\tjQuery('#slider_4101').css('visibility', 'visible');\n\t\tsa_resize_slider_4101();\n\t\twindow.addEventListener('resize', sa_resize_slider_4101);\n\t\tfunction sa_resize_slider_4101() {\n\t\t\tvar min_height = '50';\n\t\t\tvar win_width = jQuery(window).width();\n\t\t\tvar slider_width = jQuery('#slider_4101').width();\n\t\t\tif (win_width < 480) {\n\t\t\t\tvar slide_width = slider_width \/ 1;\n\t\t\t} else if (win_width < 768) {\n\t\t\t\tvar slide_width = slider_width \/ 2;\n\t\t\t} else if (win_width < 980) {\n\t\t\t\tvar slide_width = slider_width \/ 3;\n\t\t\t} else if (win_width < 1200) {\n\t\t\t\tvar slide_width = slider_width \/ 4;\n\t\t\t} else if (win_width < 1500) {\n\t\t\t\tvar slide_width = slider_width \/ 4;\n\t\t\t} else {\n\t\t\t\tvar slide_width = slider_width \/ 4;\n\t\t\t}\n\t\t\tslide_width = Math.round(slide_width);\n\t\t\tvar slide_height = '0';\n\t\t\tif (min_height == 'aspect43') {\n\t\t\t\tslide_height = (slide_width \/ 4) * 3;\t\t\t\tslide_height = Math.round(slide_height);\n\t\t\t} else if (min_height == 'aspect169') {\n\t\t\t\tslide_height = (slide_width \/ 16) * 9;\t\t\t\tslide_height = Math.round(slide_height);\n\t\t\t} else {\n\t\t\t\tslide_height = (slide_width \/ 100) * min_height;\t\t\t\tslide_height = Math.round(slide_height);\n\t\t\t}\n\t\t\tjQuery('#slider_4101 .owl-item .sa_hover_container').css('min-height', slide_height+'px');\n\t\t}\n\t\tvar owl_goto = jQuery('#slider_4101');\n\t\tjQuery('.slider_4101_goto1').click(function(event){\n\t\t\towl_goto.trigger('to.owl.carousel', 0);\n\t\t});\n\t\tjQuery('.slider_4101_goto2').click(function(event){\n\t\t\towl_goto.trigger('to.owl.carousel', 1);\n\t\t});\n\t\tjQuery('.slider_4101_goto3').click(function(event){\n\t\t\towl_goto.trigger('to.owl.carousel', 2);\n\t\t});\n\t\tjQuery('.slider_4101_goto4').click(function(event){\n\t\t\towl_goto.trigger('to.owl.carousel', 3);\n\t\t});\n\t\tjQuery('.slider_4101_goto5').click(function(event){\n\t\t\towl_goto.trigger('to.owl.carousel', 4);\n\t\t});\n\t\tjQuery('.slider_4101_goto6').click(function(event){\n\t\t\towl_goto.trigger('to.owl.carousel', 5);\n\t\t});\n\t\tvar resize_4101 = jQuery('.owl-carousel');\n\t\tresize_4101.on('initialized.owl.carousel', function(e) {\n\t\t\tif (typeof(Event) === 'function') {\n\t\t\t\twindow.dispatchEvent(new Event('resize'));\n\t\t\t} else {\n\t\t\t\tvar evt = window.document.createEvent('UIEvents');\n\t\t\t\tevt.initUIEvent('resize', true, false, window, 0);\n\t\t\t\twindow.dispatchEvent(evt);\n\t\t\t}\n\t\t});\n\t});\n<\/script>\n<\/div>\n<p>[\/vc_column_text][\/vc_column][vc_column css=&#8220;.vc_custom_1594132507590{margin-top: 30px !important;}&#8220;][vc_btn title=&#8220;Kontaktieren Sie die Kita&#8220; color=&#8220;primary&#8220; size=&#8220;lg&#8220; align=&#8220;center&#8220; link=&#8220;url:%2Fde%2Fcontact|||&#8220;][\/vc_column][\/vc_row][vc_row css=&#8220;.vc_custom_1594131659403{margin-top: 60px !important;}&#8220;][vc_column][cms_heading title=&#8220;Die Direktion&#8220; title_color=&#8220;#9d1560&#8243; title_align=&#8220;center&#8220;][\/vc_column][\/vc_row][vc_row css=&#8220;.vc_custom_1626954758964{margin-top: 60px !important;}&#8220;][vc_column width=&#8220;1\/3&#8243;][vc_single_image image=&#8220;3848&#8243; img_size=&#8220;medium&#8220; alignment=&#8220;center&#8220; style=&#8220;vc_box_shadow_border_circle_2&#8243; css=&#8220;.vc_custom_1681828790884{margin-bottom: 15px !important;}&#8220;][vc_column_text]<\/p>\n<h3 style=\"text-align: center;\">Val\u00e9rie<\/h3>\n<p style=\"text-align: center;\"><strong>Bildungsdirektorin<\/strong><\/p>\n<p style=\"text-align: center;\"><strong>Spezialisierte Erzieherin<\/strong><\/p>\n<p>[\/vc_column_text][\/vc_column][vc_column width=&#8220;1\/3&#8243;][vc_single_image image=&#8220;3872&#8243; img_size=&#8220;medium&#8220; alignment=&#8220;center&#8220; style=&#8220;vc_box_shadow_border_circle_2&#8243; css=&#8220;.vc_custom_1681828799669{margin-bottom: 15px !important;}&#8220;][vc_column_text]<\/p>\n<h3 style=\"text-align: center;\">Vanessa<\/h3>\n<p style=\"text-align: center;\"><strong>Bildungsdirektorin<\/strong><\/p>\n<p style=\"text-align: center;\"><strong>Vorschullehrerin und Psychomotorik-Therapeutin<\/strong><\/p>\n<p>[\/vc_column_text][\/vc_column][vc_column width=&#8220;1\/3&#8243;][vc_single_image image=&#8220;3856&#8243; img_size=&#8220;medium&#8220; alignment=&#8220;center&#8220; style=&#8220;vc_box_shadow_border_circle_2&#8243; css=&#8220;.vc_custom_1681828807582{margin-bottom: 15px !important;}&#8220;][vc_column_text]<\/p>\n<h3 style=\"text-align: center;\">Benoit<\/h3>\n<p style=\"text-align: center;\"><strong>Administrativer und technischer Direktor<\/strong><\/p>\n<p>[\/vc_column_text][\/vc_column][vc_column][cms_separator border_color=&#8220;#9d1560&#8243;][\/vc_column][\/vc_row][vc_row css=&#8220;.vc_custom_1626954903836{margin-top: 60px !important;}&#8220;][vc_column][cms_heading title=&#8220;Les \u00e9ducateurs&#8220; title_color=&#8220;#9d1560&#8243; title_align=&#8220;center&#8220;][\/vc_column][\/vc_row][vc_row css=&#8220;.vc_custom_1626954923636{margin-top: 60px !important;}&#8220;][vc_column width=&#8220;1\/3&#8243;][vc_single_image image=&#8220;3864&#8243; img_size=&#8220;medium&#8220; alignment=&#8220;center&#8220; style=&#8220;vc_box_shadow_border_circle_2&#8243; css=&#8220;.vc_custom_1681828825864{margin-bottom: 15px !important;}&#8220;][vc_column_text]<\/p>\n<h3 style=\"text-align: center;\">Laura<\/h3>\n<p style=\"text-align: center;\"><strong>Absolvierte Vorschullehrerin und Psychomotorik-Therapeutin<\/strong><\/p>\n<p style=\"text-align: center;\"><strong>Mehrsprachige p\u00e4dagogische Referentin<\/strong><\/p>\n<p>[\/vc_column_text][\/vc_column][vc_column width=&#8220;1\/3&#8243;][vc_single_image image=&#8220;3860&#8243; img_size=&#8220;medium&#8220; alignment=&#8220;center&#8220; style=&#8220;vc_box_shadow_border_circle_2&#8243; css=&#8220;.vc_custom_1681829035553{margin-bottom: 15px !important;}&#8220;][vc_column_text]<\/p>\n<h3 style=\"text-align: center;\">Gladys<\/h3>\n<p style=\"text-align: center;\"><strong>Diplomierte\u00a0 P\u00e4dagogin\u00a0\u00a0<\/strong><\/p>\n<p>[\/vc_column_text][\/vc_column][vc_column width=&#8220;1\/3&#8243;][vc_single_image image=&#8220;4115&#8243; img_size=&#8220;medium&#8220; alignment=&#8220;center&#8220; style=&#8220;vc_box_shadow_border_circle_2&#8243; css=&#8220;.vc_custom_1681914666224{margin-bottom: 15px !important;}&#8220;][vc_column_text]<\/p>\n<h3 style=\"text-align: center;\">sarah<\/h3>\n<p style=\"text-align: center;\"><strong>P\u00e4dagogin\u00a0\u00a0<\/strong><\/p>\n<p>[\/vc_column_text][\/vc_column][vc_column][cms_separator border_color=&#8220;#9d1560&#8243;][\/vc_column][\/vc_row][vc_row css=&#8220;.vc_custom_1626955226128{margin-top: 60px !important;margin-bottom: 60px !important;padding-bottom: 60px !important;}&#8220;][vc_column width=&#8220;1\/3&#8243;][vc_single_image image=&#8220;3868&#8243; img_size=&#8220;medium&#8220; alignment=&#8220;center&#8220; style=&#8220;vc_box_shadow_border_circle_2&#8243; css=&#8220;.vc_custom_1681829053784{margin-bottom: 15px !important;}&#8220;][vc_column_text]<\/p>\n<h3 style=\"text-align: center;\">Okan<\/h3>\n<p style=\"text-align: center;\"><strong>Diplomierter P\u00e4dagoge<\/strong><\/p>\n<p style=\"text-align: center;\"><strong>\u00a0<\/strong><\/p>\n<p>[\/vc_column_text][\/vc_column][vc_column width=&#8220;1\/3&#8243;][vc_single_image image=&#8220;3854&#8243; img_size=&#8220;medium&#8220; alignment=&#8220;center&#8220; style=&#8220;vc_box_shadow_border_circle_2&#8243; css=&#8220;.vc_custom_1681828881528{margin-bottom: 15px !important;}&#8220;][vc_column_text]<\/p>\n<h3 style=\"text-align: center;\">Ainoa<\/h3>\n<p style=\"text-align: center;\"><strong>Pflegehilfskraft<\/strong><\/p>\n<p style=\"text-align: center;\"><strong>\u00a0<\/strong><\/p>\n<p>[\/vc_column_text][\/vc_column][vc_column width=&#8220;1\/3&#8243;][\/vc_column][vc_column css=&#8220;.vc_custom_1601558551622{margin-top: 60px !important;margin-bottom: 60px !important;padding-top: 60px !important;}&#8220;][cms_separator border_color=&#8220;#9d1560&#8243;][\/vc_column][vc_column][vc_row_inner][vc_column_inner][vc_column_text]<\/p>\n<h3 style=\"text-align: center;\">Ein gemischtes, motiviertes, dynamisches und f\u00fcrsorgliches Team, das Ihre Kinder in einem mehrsprachigen Umfeld empf\u00e4ngt, in dem folgende Sprachen gesprochen werden: Luxemburgisch, Franz\u00f6sisch, Deutsch, Portugiesisch, Englisch, Spanisch und Niederl\u00e4ndisch.<\/h3>\n<h3 style=\"text-align: center;\">Und wo jeder Kinder dazu bringt, diese Leidenschaften zu entdecken: Kultur, Natur, Handwerk, Tanz, Kochen, Sport, &#8230;<\/h3>\n<h3 style=\"text-align: center;\">W\u00e4hrend Sie verschiedene Montessori- und Pikler-Workshops anbieten und Ausfl\u00fcge in den Wald, den Park, den Bauernhof, das Schwimmbad, &#8230; organisieren.<\/h3>\n<h3 style=\"text-align: center;\">Und indem wir die \u00c4lteren auf dem Vorschulweg durch Aktivit\u00e4ten begleiten, z.B.: Naturwissenschaften, Lesen, Schreiben, Mathematik und verschiedene Lernprozesse.<\/h3>\n<p>[\/vc_column_text][\/vc_column_inner][\/vc_row_inner][\/vc_column][\/vc_row]<\/p>\n","protected":false},"excerpt":{"rendered":"<p>[vc_row full_width=&#8220;stretch_row&#8220; disable_element=&#8220;yes&#8220; css=&#8220;.vc_custom_1594130801623{padding-top: 45px !important;background-position: center !important;background-repeat: no-repeat !important;background-size: cover !important;}&#8220; bd_p_speed=&#8220;0.001&#8243; row_head_color=&#8220;#575656&#8243; row_link_color=&#8220;#575656&#8243; row_link_color_hover=&#8220;#6f4792&#8243; overlay_color=&#8220;#3bbcd6&#8243; overlay_opacity=&#8220;0.9&#8243; arrow_position=&#8220;top&#8220;][vc_column][cms_carousel xsmall_items=&#8220;1&#8243; small_items=&#8220;2&#8243; medium_items=&#8220;3&#8243; large_items=&#8220;4&#8243; margin=&#8220;30&#8243; nav=&#8220;false&#8220; dots=&#8220;false&#8220; autoplay=&#8220;false&#8220; source=&#8220;size:4|order_by:date|post_type:team&#8220; left_arrow=&#8220;fa fa-angle-left&#8220; right_arrow=&#8220;fa fa-angle-right&#8220; cms_template=&#8220;cms_carousel&#8211;layout-team-1.php&#8220;][\/vc_column][\/vc_row][vc_row full_width=&#8220;stretch_row&#8220; disable_element=&#8220;yes&#8220; row_head_color=&#8220;#575656&#8243; row_link_color=&#8220;#575656&#8243; row_link_color_hover=&#8220;#6f4792&#8243; arrow_position=&#8220;top&#8220; css=&#8220;.vc_custom_1594130806511{padding-top: 45px !important;background-color: #f5f5f5 !important;background-position: center !important;background-repeat: no-repeat !important;background-size: cover !important;}&#8220; bd_p_speed=&#8220;0.001&#8243; overlay_color=&#8220;#3bbcd6&#8243; overlay_opacity=&#8220;0.9&#8243;][vc_column font_size_col=&#8220;&#8220; font_line_height=&#8220;&#8220; [&hellip;]<\/p>\n","protected":false},"author":1,"featured_media":0,"parent":0,"menu_order":0,"comment_status":"closed","ping_status":"closed","template":"","meta":[],"yoast_head":"<!-- This site is optimized with the Yoast SEO plugin v15.9 - https:\/\/yoast.com\/wordpress\/plugins\/seo\/ -->\n<title>Baby concept 3 \u2013 Pommerloch - Cr\u00e8che familiale au Luxembourg<\/title>\n<meta name=\"robots\" content=\"index, follow, max-snippet:-1, max-image-preview:large, max-video-preview:-1\" \/>\n<link rel=\"canonical\" href=\"https:\/\/www.babyconcept.lu\/de\/baby-concept-3-pommerloch\/\" \/>\n<meta property=\"og:locale\" content=\"de_DE\" \/>\n<meta property=\"og:type\" content=\"article\" \/>\n<meta property=\"og:title\" content=\"Baby concept 3 \u2013 Pommerloch - Cr\u00e8che familiale au Luxembourg\" \/>\n<meta property=\"og:description\" content=\"[vc_row full_width=&#8220;stretch_row&#8220; disable_element=&#8220;yes&#8220; css=&#8220;.vc_custom_1594130801623{padding-top: 45px !important;background-position: center !important;background-repeat: no-repeat !important;background-size: cover !important;}&#8220; bd_p_speed=&#8220;0.001&#8243; row_head_color=&#8220;#575656&#8243; row_link_color=&#8220;#575656&#8243; row_link_color_hover=&#8220;#6f4792&#8243; overlay_color=&#8220;#3bbcd6&#8243; overlay_opacity=&#8220;0.9&#8243; arrow_position=&#8220;top&#8220;][vc_column][cms_carousel xsmall_items=&#8220;1&#8243; small_items=&#8220;2&#8243; medium_items=&#8220;3&#8243; large_items=&#8220;4&#8243; margin=&#8220;30&#8243; nav=&#8220;false&#8220; dots=&#8220;false&#8220; autoplay=&#8220;false&#8220; source=&#8220;size:4|order_by:date|post_type:team&#8220; left_arrow=&#8220;fa fa-angle-left&#8220; right_arrow=&#8220;fa fa-angle-right&#8220; cms_template=&#8220;cms_carousel&#8211;layout-team-1.php&#8220;][\/vc_column][\/vc_row][vc_row full_width=&#8220;stretch_row&#8220; disable_element=&#8220;yes&#8220; row_head_color=&#8220;#575656&#8243; row_link_color=&#8220;#575656&#8243; row_link_color_hover=&#8220;#6f4792&#8243; arrow_position=&#8220;top&#8220; css=&#8220;.vc_custom_1594130806511{padding-top: 45px !important;background-color: #f5f5f5 !important;background-position: center !important;background-repeat: no-repeat !important;background-size: cover !important;}&#8220; bd_p_speed=&#8220;0.001&#8243; overlay_color=&#8220;#3bbcd6&#8243; overlay_opacity=&#8220;0.9&#8243;][vc_column font_size_col=&#8220;&#8220; font_line_height=&#8220;&#8220; [&hellip;]\" \/>\n<meta property=\"og:url\" content=\"https:\/\/www.babyconcept.lu\/de\/baby-concept-3-pommerloch\/\" \/>\n<meta property=\"og:site_name\" content=\"Baby Concept - Cr\u00e8che familiale \u00e0 Mertzig et Pommerloch au Luxembourg\" \/>\n<meta property=\"article:modified_time\" content=\"2023-04-19T14:31:46+00:00\" \/>\n<meta name=\"twitter:card\" content=\"summary_large_image\" \/>\n<meta name=\"twitter:label1\" content=\"Gesch\u00e4tzte Lesezeit\">\n\t<meta name=\"twitter:data1\" content=\"2\u00a0Minuten\">\n<script type=\"application\/ld+json\" class=\"yoast-schema-graph\">{\"@context\":\"https:\/\/schema.org\",\"@graph\":[{\"@type\":\"WebSite\",\"@id\":\"https:\/\/www.babyconcept.lu\/#website\",\"url\":\"https:\/\/www.babyconcept.lu\/\",\"name\":\"Baby Concept - Cr\\u00e8che familiale \\u00e0 Mertzig et Pommerloch au Luxembourg\",\"description\":\"\",\"potentialAction\":[{\"@type\":\"SearchAction\",\"target\":\"https:\/\/www.babyconcept.lu\/?s={search_term_string}\",\"query-input\":\"required name=search_term_string\"}],\"inLanguage\":\"de\"},{\"@type\":\"WebPage\",\"@id\":\"https:\/\/www.babyconcept.lu\/de\/baby-concept-3-pommerloch\/#webpage\",\"url\":\"https:\/\/www.babyconcept.lu\/de\/baby-concept-3-pommerloch\/\",\"name\":\"Baby concept 3 \\u2013 Pommerloch - Cr\\u00e8che familiale au Luxembourg\",\"isPartOf\":{\"@id\":\"https:\/\/www.babyconcept.lu\/#website\"},\"datePublished\":\"2021-02-08T14:16:13+00:00\",\"dateModified\":\"2023-04-19T14:31:46+00:00\",\"breadcrumb\":{\"@id\":\"https:\/\/www.babyconcept.lu\/de\/baby-concept-3-pommerloch\/#breadcrumb\"},\"inLanguage\":\"de\",\"potentialAction\":[{\"@type\":\"ReadAction\",\"target\":[\"https:\/\/www.babyconcept.lu\/de\/baby-concept-3-pommerloch\/\"]}]},{\"@type\":\"BreadcrumbList\",\"@id\":\"https:\/\/www.babyconcept.lu\/de\/baby-concept-3-pommerloch\/#breadcrumb\",\"itemListElement\":[{\"@type\":\"ListItem\",\"position\":1,\"item\":{\"@type\":\"WebPage\",\"@id\":\"https:\/\/www.babyconcept.lu\/de\/\",\"url\":\"https:\/\/www.babyconcept.lu\/de\/\",\"name\":\"Accueil\"}},{\"@type\":\"ListItem\",\"position\":2,\"item\":{\"@type\":\"WebPage\",\"@id\":\"https:\/\/www.babyconcept.lu\/de\/baby-concept-3-pommerloch\/\",\"url\":\"https:\/\/www.babyconcept.lu\/de\/baby-concept-3-pommerloch\/\",\"name\":\"Baby concept 3 \\u2013 Pommerloch\"}}]}]}<\/script>\n<!-- \/ Yoast SEO plugin. -->","_links":{"self":[{"href":"https:\/\/www.babyconcept.lu\/de\/wp-json\/wp\/v2\/pages\/3553"}],"collection":[{"href":"https:\/\/www.babyconcept.lu\/de\/wp-json\/wp\/v2\/pages"}],"about":[{"href":"https:\/\/www.babyconcept.lu\/de\/wp-json\/wp\/v2\/types\/page"}],"author":[{"embeddable":true,"href":"https:\/\/www.babyconcept.lu\/de\/wp-json\/wp\/v2\/users\/1"}],"replies":[{"embeddable":true,"href":"https:\/\/www.babyconcept.lu\/de\/wp-json\/wp\/v2\/comments?post=3553"}],"version-history":[{"count":17,"href":"https:\/\/www.babyconcept.lu\/de\/wp-json\/wp\/v2\/pages\/3553\/revisions"}],"predecessor-version":[{"id":4117,"href":"https:\/\/www.babyconcept.lu\/de\/wp-json\/wp\/v2\/pages\/3553\/revisions\/4117"}],"wp:attachment":[{"href":"https:\/\/www.babyconcept.lu\/de\/wp-json\/wp\/v2\/media?parent=3553"}],"curies":[{"name":"wp","href":"https:\/\/api.w.org\/{rel}","templated":true}]}}