{"id":3381,"date":"2020-07-07T16:37:37","date_gmt":"2020-07-07T14:37:37","guid":{"rendered":"https:\/\/www.babyconcept.lu\/?page_id=3381"},"modified":"2023-04-18T16:48:19","modified_gmt":"2023-04-18T14:48:19","slug":"pommerloch","status":"publish","type":"page","link":"https:\/\/www.babyconcept.lu\/de\/pommerloch\/","title":{"rendered":"Baby concept 2 \u2013 Pommerloch"},"content":{"rendered":"<p>[vc_row full_width=&#8220;stretch_row&#8220; disable_element=&#8220;yes&#8220; css=&#8220;.vc_custom_1594130801623{padding-top: 45px !important;background-position: center !important;background-repeat: no-repeat !important;background-size: cover !important;}&#8220; bd_p_speed=&#8220;0.001&#8243; row_head_color=&#8220;#575656&#8243; row_link_color=&#8220;#575656&#8243; row_link_color_hover=&#8220;#6f4792&#8243; overlay_color=&#8220;#3bbcd6&#8243; overlay_opacity=&#8220;0.9&#8243; arrow_position=&#8220;top&#8220;][vc_column][cms_carousel xsmall_items=&#8220;1&#8243; small_items=&#8220;2&#8243; medium_items=&#8220;3&#8243; large_items=&#8220;4&#8243; margin=&#8220;30&#8243; nav=&#8220;false&#8220; dots=&#8220;false&#8220; autoplay=&#8220;false&#8220; source=&#8220;size:4|order_by:date|post_type:team&#8220; left_arrow=&#8220;fa fa-angle-left&#8220; right_arrow=&#8220;fa fa-angle-right&#8220; cms_template=&#8220;cms_carousel&#8211;layout-team-1.php&#8220;][\/vc_column][\/vc_row][vc_row full_width=&#8220;stretch_row&#8220; disable_element=&#8220;yes&#8220; row_head_color=&#8220;#575656&#8243; row_link_color=&#8220;#575656&#8243; row_link_color_hover=&#8220;#6f4792&#8243; arrow_position=&#8220;top&#8220; css=&#8220;.vc_custom_1594130806511{padding-top: 45px !important;background-color: #f5f5f5 !important;background-position: center !important;background-repeat: no-repeat !important;background-size: cover !important;}&#8220; bd_p_speed=&#8220;0.001&#8243; overlay_color=&#8220;#3bbcd6&#8243; overlay_opacity=&#8220;0.9&#8243;][vc_column font_size_col=&#8220;&#8220; font_line_height=&#8220;&#8220; font_weight_col=&#8220;&#8220; column_responsive_large=&#8220;&#8220; column_responsive_medium=&#8220;&#8220; column_responsive_small=&#8220;&#8220; column_responsive_extra_small=&#8220;&#8220; animation=&#8220;&#8220; text_align=&#8220;&#8220; column_style=&#8220;&#8220; list_style=&#8220;&#8220; cms_title_size=&#8220;h2&#8243;][vc_empty_space height=&#8220;40px&#8220;][cms_carousel xsmall_items=&#8220;1&#8243; small_items=&#8220;2&#8243; medium_items=&#8220;3&#8243; large_items=&#8220;3&#8243; margin=&#8220;30&#8243; dots=&#8220;false&#8220; autoplay=&#8220;false&#8220; source=&#8220;size:4|order_by:date|post_type:team&#8220; left_arrow=&#8220;fa fa-angle-left&#8220; right_arrow=&#8220;fa fa-angle-right&#8220; cms_template=&#8220;cms_carousel&#8211;layout-team-1.php&#8220;][vc_empty_space height=&#8220;30px&#8220;][\/vc_column][\/vc_row][vc_row equal_height=&#8220;yes&#8220; content_placement=&#8220;middle&#8220; css=&#8220;.vc_custom_1594131149806{margin-bottom: 40px !important;}&#8220;][vc_column width=&#8220;1\/2&#8243;][vc_column_text]<\/p>\n<h2><strong>Seit 2017 ge\u00f6ffnet<\/strong><\/h2>\n<p>Die Kita ist in 2 Gruppen unterteilt:<\/p>\n<ul>\n<li>Kleinkinder von 3 Monaten bis 2 Jahren<\/li>\n<li>Vorschulkinder von 2 bis 4 Jahren<\/li>\n<\/ul>\n<p>Ge\u00f6ffnet von Montag bis Freitag von 6:45 bis 19:15 Uhr<\/p>\n<p>Sie wurde von BOON Val\u00e9rie, Diplom-Fachp\u00e4dagogin, und ihrem Ehemann LASSENCE Benoit, Verwaltungsdirektor, gegr\u00fcndet.<\/p>\n<p>Unter der p\u00e4dagogischen Leitung von Vanessa Antoine[\/vc_column_text][vc_empty_space height=&#8220;15px&#8220;][vc_single_image image=&#8220;3457&#8243; img_size=&#8220;medium&#8220; alignment=&#8220;center&#8220; onclick=&#8220;custom_link&#8220; img_link_target=&#8220;_blank&#8220; css=&#8220;.vc_custom_1627372031140{background-color: #6e4692 !important;}&#8220; el_id=&#8220;facebook_pommerloch&#8220; link=&#8220;https:\/\/www.facebook.com\/babyconcept2\/&#8220;][\/vc_column][vc_column width=&#8220;1\/2&#8243;][vc_video link=&#8220;https:\/\/www.youtube.com\/watch?v=lWuZIuCKqFQ&#8220;][\/vc_column][vc_column][vc_column_text]<\/p>\n<div id=\"sa_slider_shortcode\"><div class='white' style='background:rgba(0,0,0,0); border:solid 0px #f0f0f0; border-radius:5px; padding:8px 8px 8px 8px;'>\n<div id='sample_slider' class='owl-carousel sa_owl_theme autohide-arrows' data-slider-id='sample_slider' style='visibility:hidden;'>\n<div id='sample_slider_slide05' class='sa_hover_container' style='padding:5% 5%; margin:0px 0%; '><p><a href=\"https:\/\/www.babyconcept.lu\/wp-content\/uploads\/2023\/04\/baby_concept_2023_Pommerloch_1.jpg\"><img class=\"aligncenter size-medium wp-image-4079\" src=\"https:\/\/www.babyconcept.lu\/wp-content\/uploads\/2023\/04\/baby_concept_2023_Pommerloch_1-300x240.jpg\" alt=\"\" width=\"300\" height=\"240\" \/><\/a><\/p><\/div>\n<div id='sample_slider_slide04' class='sa_hover_container' style='padding:5% 5%; margin:0px 0%; '><p><a href=\"https:\/\/www.babyconcept.lu\/wp-content\/uploads\/2023\/04\/baby_concept_2023_Pommerloch_2.jpg\"><img class=\"aligncenter size-medium wp-image-4077\" src=\"https:\/\/www.babyconcept.lu\/wp-content\/uploads\/2023\/04\/baby_concept_2023_Pommerloch_2-300x240.jpg\" alt=\"\" width=\"300\" height=\"240\" \/><\/a><\/p><\/div>\n<div id='sample_slider_slide03' class='sa_hover_container' style='padding:5% 5%; margin:0px 0%; '><p style=\"text-align: center\"><a href=\"https:\/\/www.babyconcept.lu\/wp-content\/uploads\/2020\/09\/baby_concept_pommerloch_06.jpg\"><img class=\"aligncenter wp-image-3172 size-event-post-thumb-box\" src=\"https:\/\/www.babyconcept.lu\/wp-content\/uploads\/2020\/09\/baby_concept_pommerloch_06-300x240.jpg\" alt=\"\" width=\"300\" height=\"240\" \/><\/a><\/p><\/div>\n<div id='sample_slider_slide02' class='sa_hover_container' style='padding:5% 5%; margin:0px 0%; '><p style=\"text-align: center\"><a href=\"https:\/\/www.babyconcept.lu\/wp-content\/uploads\/2020\/09\/baby_concept_pommerloch_03.jpg\"><img class=\"aligncenter size-event-post-thumb-box wp-image-3169\" src=\"https:\/\/www.babyconcept.lu\/wp-content\/uploads\/2020\/09\/baby_concept_pommerloch_03-300x240.jpg\" alt=\"\" width=\"300\" height=\"240\" \/><\/a><\/p><\/div>\n<div id='sample_slider_slide01' class='sa_hover_container' style='padding:5% 5%; margin:0px 0%; '><p><a href=\"https:\/\/www.babyconcept.lu\/wp-content\/uploads\/2023\/04\/baby_concept_2023_Pommerloch_1.jpg\"><img class=\"aligncenter size-medium wp-image-4079\" src=\"https:\/\/www.babyconcept.lu\/wp-content\/uploads\/2023\/04\/baby_concept_2023_Pommerloch_1-300x240.jpg\" alt=\"\" width=\"300\" height=\"240\" \/><\/a><\/p><\/div>\n<\/div>\n<\/div>\n<script type='text\/javascript'>\n\tjQuery(document).ready(function() {\n\t\tjQuery('#sample_slider').owlCarousel({\n\t\t\tresponsive:{\n\t\t\t\t0:{ items:1 },\n\t\t\t\t480:{ items:2 },\n\t\t\t\t768:{ items:3 },\n\t\t\t\t980:{ items:4 },\n\t\t\t\t1200:{ items:4 },\n\t\t\t\t1500:{ items:4 }\n\t\t\t},\n\t\t\tautoplay : true,\n\t\t\tautoplayTimeout : 4000,\n\t\t\tautoplayHoverPause : true,\n\t\t\tsmartSpeed : 300,\n\t\t\tfluidSpeed : 300,\n\t\t\tautoplaySpeed : 300,\n\t\t\tnavSpeed : 300,\n\t\t\tdotsSpeed : 300,\n\t\t\tloop : true,\n\t\t\tnav : true,\n\t\t\tnavText : ['Previous','Next'],\n\t\t\tdots : false,\n\t\t\tresponsiveRefreshRate : 200,\n\t\t\tslideBy : 1,\n\t\t\tmergeFit : true,\n\t\t\tautoHeight : false,\n\t\t\tmouseDrag : false,\n\t\t\ttouchDrag : true\n\t\t});\n\t\tjQuery('#sample_slider').css('visibility', 'visible');\n\t\tsa_resize_sample_slider();\n\t\twindow.addEventListener('resize', sa_resize_sample_slider);\n\t\tfunction sa_resize_sample_slider() {\n\t\t\tvar min_height = '50';\n\t\t\tvar win_width = jQuery(window).width();\n\t\t\tvar slider_width = jQuery('#sample_slider').width();\n\t\t\tif (win_width < 480) {\n\t\t\t\tvar slide_width = slider_width \/ 1;\n\t\t\t} else if (win_width < 768) {\n\t\t\t\tvar slide_width = slider_width \/ 2;\n\t\t\t} else if (win_width < 980) {\n\t\t\t\tvar slide_width = slider_width \/ 3;\n\t\t\t} else if (win_width < 1200) {\n\t\t\t\tvar slide_width = slider_width \/ 4;\n\t\t\t} else if (win_width < 1500) {\n\t\t\t\tvar slide_width = slider_width \/ 4;\n\t\t\t} else {\n\t\t\t\tvar slide_width = slider_width \/ 4;\n\t\t\t}\n\t\t\tslide_width = Math.round(slide_width);\n\t\t\tvar slide_height = '0';\n\t\t\tif (min_height == 'aspect43') {\n\t\t\t\tslide_height = (slide_width \/ 4) * 3;\t\t\t\tslide_height = Math.round(slide_height);\n\t\t\t} else if (min_height == 'aspect169') {\n\t\t\t\tslide_height = (slide_width \/ 16) * 9;\t\t\t\tslide_height = Math.round(slide_height);\n\t\t\t} else {\n\t\t\t\tslide_height = (slide_width \/ 100) * min_height;\t\t\t\tslide_height = Math.round(slide_height);\n\t\t\t}\n\t\t\tjQuery('#sample_slider .owl-item .sa_hover_container').css('min-height', slide_height+'px');\n\t\t}\n\t\tvar owl_goto = jQuery('#sample_slider');\n\t\tjQuery('.sample_slider_goto1').click(function(event){\n\t\t\towl_goto.trigger('to.owl.carousel', 0);\n\t\t});\n\t\tjQuery('.sample_slider_goto2').click(function(event){\n\t\t\towl_goto.trigger('to.owl.carousel', 1);\n\t\t});\n\t\tjQuery('.sample_slider_goto3').click(function(event){\n\t\t\towl_goto.trigger('to.owl.carousel', 2);\n\t\t});\n\t\tjQuery('.sample_slider_goto4').click(function(event){\n\t\t\towl_goto.trigger('to.owl.carousel', 3);\n\t\t});\n\t\tjQuery('.sample_slider_goto5').click(function(event){\n\t\t\towl_goto.trigger('to.owl.carousel', 4);\n\t\t});\n\t\tvar resize_3186 = jQuery('.owl-carousel');\n\t\tresize_3186.on('initialized.owl.carousel', function(e) {\n\t\t\tif (typeof(Event) === 'function') {\n\t\t\t\twindow.dispatchEvent(new Event('resize'));\n\t\t\t} else {\n\t\t\t\tvar evt = window.document.createEvent('UIEvents');\n\t\t\t\tevt.initUIEvent('resize', true, false, window, 0);\n\t\t\t\twindow.dispatchEvent(evt);\n\t\t\t}\n\t\t});\n\t});\n<\/script>\n<\/div>\n<p>[\/vc_column_text][\/vc_column][vc_column css=&#8220;.vc_custom_1594132507590{margin-top: 30px !important;}&#8220;][vc_btn title=&#8220;Kontaktieren Sie die Kita&#8220; color=&#8220;primary&#8220; size=&#8220;lg&#8220; align=&#8220;center&#8220; link=&#8220;url:%2Fde%2Fcontact|||&#8220;][\/vc_column][\/vc_row][vc_row css=&#8220;.vc_custom_1594131659403{margin-top: 60px !important;}&#8220;][vc_column][cms_heading title=&#8220;Die Direktion&#8220; title_color=&#8220;#9d1560&#8243; title_align=&#8220;center&#8220;][\/vc_column][\/vc_row][vc_row css=&#8220;.vc_custom_1594131640015{margin-top: 60px !important;}&#8220;][vc_column width=&#8220;1\/3&#8243;][vc_single_image image=&#8220;3870&#8243; img_size=&#8220;medium&#8220; alignment=&#8220;center&#8220; style=&#8220;vc_box_shadow_border_circle_2&#8243; css=&#8220;.vc_custom_1681825510595{margin-bottom: 15px !important;}&#8220;][vc_column_text]<\/p>\n<h3 style=\"text-align: center;\">Val\u00e9rie<\/h3>\n<p style=\"text-align: center;\"><strong>Managerin<\/strong><\/p>\n<p style=\"text-align: center;\"><strong>Spezialisierte Erzieherin<\/strong><\/p>\n<p>[\/vc_column_text][\/vc_column][vc_column width=&#8220;1\/3&#8243;][vc_single_image image=&#8220;3856&#8243; img_size=&#8220;medium&#8220; alignment=&#8220;center&#8220; style=&#8220;vc_box_shadow_border_circle_2&#8243; css=&#8220;.vc_custom_1681825521733{margin-bottom: 15px !important;}&#8220;][vc_column_text]<\/p>\n<h3 style=\"text-align: center;\">Benoit<\/h3>\n<p style=\"text-align: center;\"><strong>Administrativer und technischer Direktor<\/strong><\/p>\n<p>[\/vc_column_text][\/vc_column][vc_column width=&#8220;1\/3&#8243;][vc_single_image image=&#8220;3850&#8243; img_size=&#8220;medium&#8220; alignment=&#8220;center&#8220; style=&#8220;vc_box_shadow_border_circle_2&#8243; css=&#8220;.vc_custom_1681825533460{margin-bottom: 15px !important;}&#8220;][vc_column_text]<\/p>\n<h3 style=\"text-align: center;\">Vanessa<\/h3>\n<p style=\"text-align: center;\"><strong>Bildungsdirektorin<\/strong><\/p>\n<p style=\"text-align: center;\"><strong>Vorschullehrerin und Psychomotorik-Therapeutin<\/strong><\/p>\n<p>[\/vc_column_text][\/vc_column][vc_column][cms_separator border_color=&#8220;#9d1560&#8243;][\/vc_column][\/vc_row][vc_row css=&#8220;.vc_custom_1594131659403{margin-top: 60px !important;}&#8220;][vc_column][cms_heading title=&#8220;Die P\u00e4dagogen&#8220; title_color=&#8220;#9d1560&#8243; title_align=&#8220;center&#8220;][\/vc_column][\/vc_row][vc_row css=&#8220;.vc_custom_1594131640015{margin-top: 60px !important;}&#8220;][vc_column width=&#8220;1\/3&#8243;][vc_single_image image=&#8220;3866&#8243; img_size=&#8220;medium&#8220; alignment=&#8220;center&#8220; style=&#8220;vc_box_shadow_border_circle_2&#8243; css=&#8220;.vc_custom_1681825690492{margin-bottom: 15px !important;}&#8220;][vc_column_text]<\/p>\n<h3 style=\"text-align: center;\">Mona<\/h3>\n<p style=\"text-align: center;\"><strong>P\u00e4dagogin<\/strong><\/p>\n<p>[\/vc_column_text][\/vc_column][vc_column width=&#8220;1\/3&#8243;][vc_single_image image=&#8220;3858&#8243; img_size=&#8220;medium&#8220; alignment=&#8220;center&#8220; style=&#8220;vc_box_shadow_border_circle_2&#8243; css=&#8220;.vc_custom_1681825728312{margin-bottom: 15px !important;}&#8220;][vc_column_text]<\/p>\n<h3 style=\"text-align: center;\">Colline<\/h3>\n<p style=\"text-align: center;\"><strong>P\u00e4dagogin<\/strong><\/p>\n<p>[\/vc_column_text][\/vc_column][vc_column width=&#8220;1\/3&#8243;][vc_single_image image=&#8220;4082&#8243; img_size=&#8220;medium&#8220; alignment=&#8220;center&#8220; style=&#8220;vc_box_shadow_border_circle_2&#8243; css=&#8220;.vc_custom_1681825767314{margin-bottom: 15px !important;}&#8220;][vc_column_text]<\/p>\n<h3 style=\"text-align: center;\">Alexiane<\/h3>\n<p style=\"text-align: center;\"><strong>P\u00e4dagogin<\/strong><\/p>\n<p>[\/vc_column_text][\/vc_column][vc_column][cms_separator border_color=&#8220;#9d1560&#8243;][\/vc_column][\/vc_row][vc_row css=&#8220;.vc_custom_1594132573332{margin-top: 60px !important;margin-bottom: 60px !important;padding-bottom: 60px !important;}&#8220;][vc_column width=&#8220;1\/3&#8243;][vc_single_image image=&#8220;3846&#8243; img_size=&#8220;medium&#8220; alignment=&#8220;center&#8220; style=&#8220;vc_box_shadow_border_circle_2&#8243; css=&#8220;.vc_custom_1681826078874{margin-bottom: 15px !important;}&#8220;][vc_column_text]<\/p>\n<h3 style=\"text-align: center;\">Sheila<\/h3>\n<p style=\"text-align: center;\"><strong>Sozialp\u00e4dagogische Unterst\u00fctzung<\/strong><\/p>\n<p style=\"text-align: center;\"><strong>Mehrsprachige p\u00e4dagogische Referentin<\/strong><\/p>\n<p>&nbsp;<\/p>\n<p style=\"text-align: center;\"><u>\u00a0<\/u><\/p>\n<p>[\/vc_column_text][\/vc_column][vc_column width=&#8220;1\/3&#8243;][vc_single_image image=&#8220;3840&#8243; img_size=&#8220;medium&#8220; alignment=&#8220;center&#8220; style=&#8220;vc_box_shadow_border_circle_2&#8243; css=&#8220;.vc_custom_1681826101194{margin-bottom: 15px !important;}&#8220;][vc_column_text]<\/p>\n<h3 style=\"text-align: center;\">Jos\u00e9phine<\/h3>\n<p style=\"text-align: center;\"><strong>Kinderkrankenschwester<\/strong><\/p>\n<p>[\/vc_column_text][\/vc_column][vc_column width=&#8220;1\/3&#8243;][vc_single_image image=&#8220;3842&#8243; img_size=&#8220;medium&#8220; alignment=&#8220;center&#8220; style=&#8220;vc_box_shadow_border_circle_2&#8243; css=&#8220;.vc_custom_1681826110915{margin-bottom: 15px !important;}&#8220;][vc_column_text]<\/p>\n<h3 style=\"text-align: center;\">Mandy<\/h3>\n<p style=\"text-align: center;\"><strong>Pflegehillskraft<\/strong><\/p>\n<p>[\/vc_column_text][\/vc_column][vc_column][cms_separator border_color=&#8220;#9d1560&#8243;][\/vc_column][\/vc_row]<\/p>\n","protected":false},"excerpt":{"rendered":"<p>[vc_row full_width=&#8220;stretch_row&#8220; disable_element=&#8220;yes&#8220; css=&#8220;.vc_custom_1594130801623{padding-top: 45px !important;background-position: center !important;background-repeat: no-repeat !important;background-size: cover !important;}&#8220; bd_p_speed=&#8220;0.001&#8243; row_head_color=&#8220;#575656&#8243; row_link_color=&#8220;#575656&#8243; row_link_color_hover=&#8220;#6f4792&#8243; overlay_color=&#8220;#3bbcd6&#8243; overlay_opacity=&#8220;0.9&#8243; arrow_position=&#8220;top&#8220;][vc_column][cms_carousel xsmall_items=&#8220;1&#8243; small_items=&#8220;2&#8243; medium_items=&#8220;3&#8243; large_items=&#8220;4&#8243; margin=&#8220;30&#8243; nav=&#8220;false&#8220; dots=&#8220;false&#8220; autoplay=&#8220;false&#8220; source=&#8220;size:4|order_by:date|post_type:team&#8220; left_arrow=&#8220;fa fa-angle-left&#8220; right_arrow=&#8220;fa fa-angle-right&#8220; cms_template=&#8220;cms_carousel&#8211;layout-team-1.php&#8220;][\/vc_column][\/vc_row][vc_row full_width=&#8220;stretch_row&#8220; disable_element=&#8220;yes&#8220; row_head_color=&#8220;#575656&#8243; row_link_color=&#8220;#575656&#8243; row_link_color_hover=&#8220;#6f4792&#8243; arrow_position=&#8220;top&#8220; css=&#8220;.vc_custom_1594130806511{padding-top: 45px !important;background-color: #f5f5f5 !important;background-position: center !important;background-repeat: no-repeat !important;background-size: cover !important;}&#8220; bd_p_speed=&#8220;0.001&#8243; overlay_color=&#8220;#3bbcd6&#8243; overlay_opacity=&#8220;0.9&#8243;][vc_column font_size_col=&#8220;&#8220; font_line_height=&#8220;&#8220; [&hellip;]<\/p>\n","protected":false},"author":1,"featured_media":0,"parent":0,"menu_order":0,"comment_status":"closed","ping_status":"closed","template":"","meta":[],"yoast_head":"<!-- This site is optimized with the Yoast SEO plugin v15.9 - https:\/\/yoast.com\/wordpress\/plugins\/seo\/ -->\n<title>Baby concept 2 \u2013 Pommerloch - Cr\u00e8che familiale au Luxembourg<\/title>\n<meta name=\"robots\" content=\"index, follow, max-snippet:-1, max-image-preview:large, max-video-preview:-1\" \/>\n<link rel=\"canonical\" href=\"https:\/\/www.babyconcept.lu\/de\/pommerloch\/\" \/>\n<meta property=\"og:locale\" content=\"de_DE\" \/>\n<meta property=\"og:type\" content=\"article\" \/>\n<meta property=\"og:title\" content=\"Baby concept 2 \u2013 Pommerloch - Cr\u00e8che familiale au Luxembourg\" \/>\n<meta property=\"og:description\" content=\"[vc_row full_width=&#8220;stretch_row&#8220; disable_element=&#8220;yes&#8220; css=&#8220;.vc_custom_1594130801623{padding-top: 45px !important;background-position: center !important;background-repeat: no-repeat !important;background-size: cover !important;}&#8220; bd_p_speed=&#8220;0.001&#8243; row_head_color=&#8220;#575656&#8243; row_link_color=&#8220;#575656&#8243; row_link_color_hover=&#8220;#6f4792&#8243; overlay_color=&#8220;#3bbcd6&#8243; overlay_opacity=&#8220;0.9&#8243; arrow_position=&#8220;top&#8220;][vc_column][cms_carousel xsmall_items=&#8220;1&#8243; small_items=&#8220;2&#8243; medium_items=&#8220;3&#8243; large_items=&#8220;4&#8243; margin=&#8220;30&#8243; nav=&#8220;false&#8220; dots=&#8220;false&#8220; autoplay=&#8220;false&#8220; source=&#8220;size:4|order_by:date|post_type:team&#8220; left_arrow=&#8220;fa fa-angle-left&#8220; right_arrow=&#8220;fa fa-angle-right&#8220; cms_template=&#8220;cms_carousel&#8211;layout-team-1.php&#8220;][\/vc_column][\/vc_row][vc_row full_width=&#8220;stretch_row&#8220; disable_element=&#8220;yes&#8220; row_head_color=&#8220;#575656&#8243; row_link_color=&#8220;#575656&#8243; row_link_color_hover=&#8220;#6f4792&#8243; arrow_position=&#8220;top&#8220; css=&#8220;.vc_custom_1594130806511{padding-top: 45px !important;background-color: #f5f5f5 !important;background-position: center !important;background-repeat: no-repeat !important;background-size: cover !important;}&#8220; bd_p_speed=&#8220;0.001&#8243; overlay_color=&#8220;#3bbcd6&#8243; overlay_opacity=&#8220;0.9&#8243;][vc_column font_size_col=&#8220;&#8220; font_line_height=&#8220;&#8220; [&hellip;]\" \/>\n<meta property=\"og:url\" content=\"https:\/\/www.babyconcept.lu\/de\/pommerloch\/\" \/>\n<meta property=\"og:site_name\" content=\"Baby Concept - Cr\u00e8che familiale \u00e0 Mertzig et Pommerloch au Luxembourg\" \/>\n<meta property=\"article:modified_time\" content=\"2023-04-18T14:48:19+00:00\" \/>\n<meta name=\"twitter:card\" content=\"summary_large_image\" \/>\n<meta name=\"twitter:label1\" content=\"Gesch\u00e4tzte Lesezeit\">\n\t<meta name=\"twitter:data1\" content=\"2\u00a0Minuten\">\n<script type=\"application\/ld+json\" class=\"yoast-schema-graph\">{\"@context\":\"https:\/\/schema.org\",\"@graph\":[{\"@type\":\"WebSite\",\"@id\":\"https:\/\/www.babyconcept.lu\/#website\",\"url\":\"https:\/\/www.babyconcept.lu\/\",\"name\":\"Baby Concept - Cr\\u00e8che familiale \\u00e0 Mertzig et Pommerloch au Luxembourg\",\"description\":\"\",\"potentialAction\":[{\"@type\":\"SearchAction\",\"target\":\"https:\/\/www.babyconcept.lu\/?s={search_term_string}\",\"query-input\":\"required name=search_term_string\"}],\"inLanguage\":\"de\"},{\"@type\":\"WebPage\",\"@id\":\"https:\/\/www.babyconcept.lu\/de\/pommerloch\/#webpage\",\"url\":\"https:\/\/www.babyconcept.lu\/de\/pommerloch\/\",\"name\":\"Baby concept 2 \\u2013 Pommerloch - Cr\\u00e8che familiale au Luxembourg\",\"isPartOf\":{\"@id\":\"https:\/\/www.babyconcept.lu\/#website\"},\"datePublished\":\"2020-07-07T14:37:37+00:00\",\"dateModified\":\"2023-04-18T14:48:19+00:00\",\"breadcrumb\":{\"@id\":\"https:\/\/www.babyconcept.lu\/de\/pommerloch\/#breadcrumb\"},\"inLanguage\":\"de\",\"potentialAction\":[{\"@type\":\"ReadAction\",\"target\":[\"https:\/\/www.babyconcept.lu\/de\/pommerloch\/\"]}]},{\"@type\":\"BreadcrumbList\",\"@id\":\"https:\/\/www.babyconcept.lu\/de\/pommerloch\/#breadcrumb\",\"itemListElement\":[{\"@type\":\"ListItem\",\"position\":1,\"item\":{\"@type\":\"WebPage\",\"@id\":\"https:\/\/www.babyconcept.lu\/de\/\",\"url\":\"https:\/\/www.babyconcept.lu\/de\/\",\"name\":\"Accueil\"}},{\"@type\":\"ListItem\",\"position\":2,\"item\":{\"@type\":\"WebPage\",\"@id\":\"https:\/\/www.babyconcept.lu\/de\/pommerloch\/\",\"url\":\"https:\/\/www.babyconcept.lu\/de\/pommerloch\/\",\"name\":\"Baby concept 2 \\u2013 Pommerloch\"}}]}]}<\/script>\n<!-- \/ Yoast SEO plugin. -->","_links":{"self":[{"href":"https:\/\/www.babyconcept.lu\/de\/wp-json\/wp\/v2\/pages\/3381"}],"collection":[{"href":"https:\/\/www.babyconcept.lu\/de\/wp-json\/wp\/v2\/pages"}],"about":[{"href":"https:\/\/www.babyconcept.lu\/de\/wp-json\/wp\/v2\/types\/page"}],"author":[{"embeddable":true,"href":"https:\/\/www.babyconcept.lu\/de\/wp-json\/wp\/v2\/users\/1"}],"replies":[{"embeddable":true,"href":"https:\/\/www.babyconcept.lu\/de\/wp-json\/wp\/v2\/comments?post=3381"}],"version-history":[{"count":12,"href":"https:\/\/www.babyconcept.lu\/de\/wp-json\/wp\/v2\/pages\/3381\/revisions"}],"predecessor-version":[{"id":4108,"href":"https:\/\/www.babyconcept.lu\/de\/wp-json\/wp\/v2\/pages\/3381\/revisions\/4108"}],"wp:attachment":[{"href":"https:\/\/www.babyconcept.lu\/de\/wp-json\/wp\/v2\/media?parent=3381"}],"curies":[{"name":"wp","href":"https:\/\/api.w.org\/{rel}","templated":true}]}}